{"id":3,"date":"2020-01-15T14:22:14","date_gmt":"2020-01-15T13:22:14","guid":{"rendered":"http:\/\/bienveillance-active.com\/?page_id=3"},"modified":"2021-07-27T15:30:13","modified_gmt":"2021-07-27T13:30:13","slug":"politique-de-confidentialite","status":"publish","type":"page","link":"https:\/\/bienveillance-active.com\/index.php\/politique-de-confidentialite\/","title":{"rendered":"Politique de confidentialit\u00e9"},"content":{"rendered":"<p>[et_pb_section fb_built=\u00a0\u00bb1&Prime; admin_label=\u00a0\u00bbCall to Action\u00a0\u00bb _builder_version=\u00a0\u00bb4.9.4&Prime; background_image=\u00a0\u00bbhttps:\/\/bienveillance-active.com\/wp-content\/uploads\/2020\/08\/tarifs.jpg\u00a0\u00bb overflow-x=\u00a0\u00bbhidden\u00a0\u00bb overflow-y=\u00a0\u00bbhidden\u00a0\u00bb custom_padding=\u00a0\u00bb||440px|||\u00a0\u00bb animation_style=\u00a0\u00bbfade\u00a0\u00bb animation_starting_opacity=\u00a0\u00bb100%\u00a0\u00bb hover_enabled=\u00a0\u00bb0&Prime; box_shadow_style=\u00a0\u00bbpreset1&Prime; box_shadow_spread=\u00a0\u00bb16px\u00a0\u00bb title_text=\u00a0\u00bbSpa stones concept\u00a0\u00bb sticky_enabled=\u00a0\u00bb0&Prime;][et_pb_row _builder_version=\u00a0\u00bb3.26.5&Prime; max_width=\u00a0\u00bb840px\u00a0\u00bb custom_padding=\u00a0\u00bb0px||0px||true|false\u00a0\u00bb][et_pb_column type=\u00a0\u00bb4_4&Prime; _builder_version=\u00a0\u00bb3.26.5&Prime;][et_pb_text _builder_version=\u00a0\u00bb4.9.4&Prime; header_2_font=\u00a0\u00bb|700|||||||\u00a0\u00bb header_2_text_color=\u00a0\u00bb#FFFFFF\u00a0\u00bb header_2_font_size=\u00a0\u00bb70px\u00a0\u00bb header_2_letter_spacing=\u00a0\u00bb3px\u00a0\u00bb header_2_line_height=\u00a0\u00bb1.2em\u00a0\u00bb transform_scale=\u00a0\u00bb130%|130%\u00a0\u00bb transform_scale_tablet=\u00a0\u00bb100%|100%\u00a0\u00bb transform_scale_phone=\u00a0\u00bb\u00a0\u00bb transform_scale_last_edited=\u00a0\u00bbon|desktop\u00a0\u00bb transform_translate_tablet=\u00a0\u00bb\u00a0\u00bb transform_translate_phone=\u00a0\u00bb\u00a0\u00bb transform_translate_last_edited=\u00a0\u00bbon|desktop\u00a0\u00bb transform_rotate_tablet=\u00a0\u00bb\u00a0\u00bb transform_rotate_phone=\u00a0\u00bb\u00a0\u00bb transform_rotate_last_edited=\u00a0\u00bbon|desktop\u00a0\u00bb transform_skew_tablet=\u00a0\u00bb\u00a0\u00bb transform_skew_phone=\u00a0\u00bb\u00a0\u00bb transform_skew_last_edited=\u00a0\u00bbon|desktop\u00a0\u00bb transform_origin=\u00a0\u00bb0%|50%\u00a0\u00bb transform_origin_tablet=\u00a0\u00bb\u00a0\u00bb transform_origin_phone=\u00a0\u00bb\u00a0\u00bb transform_origin_last_edited=\u00a0\u00bbon|desktop\u00a0\u00bb transform_styles_last_edited=\u00a0\u00bbon|desktop\u00a0\u00bb max_width=\u00a0\u00bb800px\u00a0\u00bb custom_margin=\u00a0\u00bb|||-110px|false|false\u00a0\u00bb custom_margin_tablet=\u00a0\u00bb|||0px|false|false\u00a0\u00bb custom_margin_phone=\u00a0\u00bb\u00a0\u00bb custom_margin_last_edited=\u00a0\u00bbon|desktop\u00a0\u00bb custom_padding=\u00a0\u00bb137px|||||\u00a0\u00bb animation_style=\u00a0\u00bbslide\u00a0\u00bb animation_direction=\u00a0\u00bbleft\u00a0\u00bb animation_intensity_slide=\u00a0\u00bb5%\u00a0\u00bb hover_enabled=\u00a0\u00bb0&Prime; header_2_font_size_tablet=\u00a0\u00bb50px\u00a0\u00bb header_2_font_size_phone=\u00a0\u00bb40px\u00a0\u00bb header_2_font_size_last_edited=\u00a0\u00bbon|phone\u00a0\u00bb header_2_letter_spacing_tablet=\u00a0\u00bb1px\u00a0\u00bb header_2_letter_spacing_phone=\u00a0\u00bb0px\u00a0\u00bb header_2_letter_spacing_last_edited=\u00a0\u00bbon|desktop\u00a0\u00bb transform_styles_tablet=\u00a0\u00bb\u00a0\u00bb transform_styles_phone=\u00a0\u00bb\u00a0\u00bb header_2_text_shadow_style=\u00a0\u00bbpreset1&Prime; header_2_text_shadow_vertical_length=\u00a0\u00bb0.39em\u00a0\u00bb header_2_text_shadow_blur_strength=\u00a0\u00bb0.65em\u00a0\u00bb header_2_text_shadow_color=\u00a0\u00bbrgba(163,51,29,0.37)\u00a0\u00bb locked=\u00a0\u00bboff\u00a0\u00bb text_text_align_tablet=\u00a0\u00bbcenter\u00a0\u00bb text_text_align_last_edited=\u00a0\u00bbon|desktop\u00a0\u00bb sticky_enabled=\u00a0\u00bb0&Prime;]<\/p>\n<h2 style=\"text-align: center;\">Politique de confidentialit\u00e9<\/h2>\n<p>[\/et_pb_text][\/et_pb_column][\/et_pb_row][\/et_pb_section][et_pb_section fb_built=\u00a0\u00bb1&Prime; admin_label=\u00a0\u00bbsection\u00a0\u00bb _builder_version=\u00a0\u00bb4.4.2&Prime; use_background_color_gradient=\u00a0\u00bbon\u00a0\u00bb background_color_gradient_start=\u00a0\u00bb#ffffff\u00a0\u00bb background_color_gradient_end=\u00a0\u00bb#f8e893&Prime; custom_padding=\u00a0\u00bb||0px||false|false\u00a0\u00bb][et_pb_row _builder_version=\u00a0\u00bb4.4.2&Prime; custom_padding=\u00a0\u00bb0px||||false|false\u00a0\u00bb][et_pb_column type=\u00a0\u00bb4_4&Prime; _builder_version=\u00a0\u00bb4.4.2&Prime;][et_pb_text _builder_version=\u00a0\u00bb4.9.4&Prime; text_font=\u00a0\u00bb||||||||\u00a0\u00bb text_text_color=\u00a0\u00bb#000000&Prime; text_font_size=\u00a0\u00bb15px\u00a0\u00bb header_text_color=\u00a0\u00bb#086C92&Prime; hover_enabled=\u00a0\u00bb0&Prime; sticky_enabled=\u00a0\u00bb0&Prime;]<\/p>\n<p>La pr\u00e9sente politique de confidentialit\u00e9 a pour objet d\u2019informer les utilisateurs du site internet \u00ab florencerols-naturopathe82.fr \u00bb sur les donn\u00e9es collect\u00e9es pendant leur utilisation du site, et sur les obligations de son \u00e9diteur M. El Bourani Abdeljabbar et Mme Meyer H\u00e9l\u00e8ne en la mati\u00e8re, qui atteste mettre en \u0153uvre de bonne foi les moyens n\u00e9cessaires au respect de votre vie priv\u00e9e et agir en conformit\u00e9 avec les r\u00e8glementations applicables.<\/p>\n<p>La pr\u00e9sente politique de confidentialit\u00e9 est r\u00e9put\u00e9e \u00eatre \u00e0 jour, est accessible sur le Site \u00e0 tout moment, et il est vivement recommand\u00e9 de la lire attentivement.<\/p>\n<h3><span style=\"color: #086c92;\">Article 1. Responsable du traitement de donn\u00e9es<\/span><\/h3>\n<p>. La collecte et le traitement de donn\u00e9es personnelles r\u00e9alis\u00e9s dans le cadre de l\u2019utilisation du Site est r\u00e9alis\u00e9 conform\u00e9ment aux r\u00e8gles en vigueur dans la Communaut\u00e9 Economique Europ\u00e9enne, sous la responsabilit\u00e9 de M. El Bourani Abdeljabbar et Mme Meyer H\u00e9l\u00e8ne, pour le compte de l\u2019Editeur, tel qu\u2019il est d\u00e9sign\u00e9 dans les Mentions L\u00e9gales.<\/p>\n<p>&nbsp;<\/p>\n<h3>\u00a0<span style=\"color: #086c92;\">Article 2. Objets et finalit\u00e9s de la collecte<\/span><\/h3>\n<p>. La collecte et le traitement des donn\u00e9es effectu\u00e9es via le Site \u00ab bienveillance-active.com \u00bb sont r\u00e9alis\u00e9s pour :<\/p>\n<p>\u2013 optimiser la gestion des relations entre le Prestataire et les utilisateurs du Site, via notamment l\u2019analyse et la mesure de l\u2019audience du Site ;<\/p>\n<p>\u2013 permettre aux utilisateurs du Site d\u2019interagir avec celui-ci par l\u2019interm\u00e9diaire des boutons de r\u00e9seaux sociaux (commentaires, avis, likes, partages, etc.).<\/p>\n<p>\u2013 permettre aux utilisateurs du Site de contacter l\u2019Editeur en utilisant un formulaire de contact, et d\u2019assurer les \u00e9changes par la suite ;<\/p>\n<p>\u2013 permettre aux utilisateurs du Site de s\u2019inscrire \u00e0 la newsletter de l\u2019Editeur ;<\/p>\n<p>\u2013 permettre l\u2019Editeur d\u2019envoyer par courriel aux utilisateurs du Site des sollicitations commerciales, pour des offres analogues \u00e0 celles propos\u00e9es ou illustr\u00e9es sur le Site.<\/p>\n<p>&nbsp;<\/p>\n<h3><span style=\"color: #086c92;\">Article 3. Consentement de l\u2019Utilisateur<\/span><\/h3>\n<p>. En aucun cas des donn\u00e9es \u00e0 caract\u00e8re personnel ne sont collect\u00e9es via le Site sans que les personnes concern\u00e9es n\u2019aient pu obtenir clairement les informations n\u00e9cessaires et l\u2019opportunit\u00e9 effective de manifester leur consentement pr\u00e9alablement \u00e0 cette collecte.<\/p>\n<p>. Concr\u00e8tement, un bandeau informatif apparaissant \u00e0 l\u2019entr\u00e9e sur le Site rappelle aux utilisateurs que leur consentement au d\u00e9p\u00f4t de cookies et \u00e0 la collecte de certaines informations en r\u00e9sultant, est r\u00e9put\u00e9 acquis par la poursuite de leur utilisation du Site, que ce soit en d\u00e9roulant la page en question (scroll), en cliquant sur n\u2019importe lien du Site, ou en cliquant sur le bouton \u00ab ok \u00bb (ou \u00e9quivalent) situ\u00e9 sur ce m\u00eame bandeau informatif.<\/p>\n<p>. Le consentement des utilisateurs est syst\u00e9matiquement et explicitement recueilli par tout moyen clair et d\u00e9nu\u00e9 d\u2019ambigu\u00eft\u00e9 (opt-in), dans les cas d\u2019utilisation des fonctionnalit\u00e9s imposant par nature d\u2019utiliser des donn\u00e9es renseign\u00e9es et\/ou collect\u00e9es (inscription, contact, etc.).<\/p>\n<p>. Les utilisateurs peuvent \u00e0 tout moment retirer leur consentement (opt-out), en se d\u00e9sabonnant des newsletters directement dans les courriels de l\u2019Editeur, dans les conditions de l\u2019article 10 de la pr\u00e9sente Politique de Confidentialit\u00e9.<\/p>\n<p>&nbsp;<\/p>\n<h3><span style=\"color: #086c92;\">Article 4. Contenu de la collecte<\/span><\/h3>\n<p>\u00a0<strong>Article 4.1. Donn\u00e9es collect\u00e9es en cas de consultation du Site<\/strong><\/p>\n<p>. La consultation des informations du Site ne g\u00e9n\u00e8re par d\u00e9faut que la collecte des donn\u00e9es strictement n\u00e9cessaires \u00e0 l\u2019analyse et la mesure de l\u2019audience du Site : donn\u00e9es relatives \u00e0 l\u2019adresse IP (identification de la connexion internet et du terminal), aux pages consult\u00e9es, ainsi que tous types de donn\u00e9es accessibles via un Google Analytics basique, telles que le nombre de pages vues, l\u2019origine du trafic, les dates et heures, le lieu approximatif de consultation.<\/p>\n<p><strong>Article 4.2. Donn\u00e9es collect\u00e9es en cas d\u2019utilisation des fonctionnalit\u00e9s du Site<\/strong><\/p>\n<p>. Le contenu du traitement de donn\u00e9es effectu\u00e9 sur le Site varie selon les utilisations de ce dernier, et peut inclure parmi les informations suivantes :<\/p>\n<p>\u2013 Adresse de courriel valide, nom et pr\u00e9nom, la date de naissance, t\u00e9l\u00e9phone ; le sujet de message et un champ de texte libre en cas d\u2019utilisation du formulaire.<\/p>\n<p>. Le caract\u00e8re obligatoire ou facultatif du renseignement d\u2019une information est indiqu\u00e9 directement en ligne le cas \u00e9ch\u00e9ant.<\/p>\n<p>. Les utilisateurs s\u2019engagent \u00e0 ne renseigner que des informations compl\u00e8tes, exactes et valides, et admettent d\u00e9gager la responsabilit\u00e9 de l\u2019Editeur en cas de dommage(s) r\u00e9sultant de leur propre d\u00e9faillance en la mati\u00e8re.<\/p>\n<p>&nbsp;<\/p>\n<h3><span style=\"color: #086c92;\">Article 5. Utilisation des cookies<\/span><\/h3>\n<p>. L\u2019analyse de l\u2019audience du Site via un Google Analytics rend n\u00e9cessaire l\u2019utilisation de cookies, qui sont des fichiers \u00ab traceurs \u00bb implant\u00e9s sur le terminal des utilisateurs, et qui donnent acc\u00e8s \u00e0 l\u2019Editeur \u00e0 des informations de connexion standards (voire article 4).<\/p>\n<p>. Les informations collect\u00e9es ne seront utilis\u00e9es que pour d\u00e9velopper la conception et l\u2019agencement du Site, et plus g\u00e9n\u00e9ralement pour am\u00e9liorer son l\u2019utilisation.<\/p>\n<p>. Les cookies ne recueillent aucune donn\u00e9e personnelle permettant de vous identifier, ni sur disque dur ni en ligne, et les informations collect\u00e9es sont anonymes ou anonymis\u00e9es.<\/p>\n<p>. Les utilisateurs admettent devoir consulter et v\u00e9rifier directement les param\u00e8tres de confidentialit\u00e9 de leur propre navigateur internet, s\u2019ils refusent l\u2019utilisation de ces cookies. Dans ce cas ils ne peuvent pas rechercher la responsabilit\u00e9 de l\u2019Editeur du fait de leurs propres difficult\u00e9s de navigation, rendant \u00e9ventuellement difficile voire impossible l\u2019utilisation du Site dans son ensemble.<\/p>\n<p>. L\u2019Editeur recommande une configuration personnelle de la part des utilisateurs acceptant les cookies et favorisant ainsi la consultation et l\u2019utilisation du Site.<\/p>\n<h3><span style=\"color: #086c92;\">Article 6. Interactivit\u00e9 avec des sites tiers et des applications tierces<\/span><\/h3>\n<p>. Les utilisateurs peuvent interagir avec le Site en cliquant sur des boutons repr\u00e9sentant des sites et applications tierces (notamment via les boutons de r\u00e9seaux sociaux).<\/p>\n<p>. Les utilisateurs admettent que l\u2019utilisation de ces boutons a pour effet de transf\u00e9rer des informations \u00e0 l\u2019Editeur, ainsi qu\u2019aux sites tiers concern\u00e9s, et qu\u2019ils restent int\u00e9gralement responsables de leurs relations contractuelles avec ces sites et r\u00e9seaux, qui \u00e9ditent leur propre politique de confidentialit\u00e9 et de respect des donn\u00e9es personnelles concernant les donn\u00e9es transf\u00e9r\u00e9es, collect\u00e9es et trait\u00e9es \u00e0 cette occasion (profil, param\u00e8tres, etc.).<\/p>\n<p>. En aucun cas l\u2019Editeur ne saurait supporter la responsabilit\u00e9 de quelconque dommage r\u00e9sultant de l\u2019utilisation de ce proc\u00e9d\u00e9 \u00e0 l\u2019\u00e9gard des utilisateurs ainsi que desdits tiers, et r\u00e9pond exclusivement et uniquement des traitements de donn\u00e9es dont il assume la charge.<\/p>\n<h3><span style=\"color: #086c92;\">Article 7. S\u00e9curit\u00e9 du traitement<\/span><\/h3>\n<p>. L\u2019Editeur s\u2019engage \u00e0 prendre toute pr\u00e9caution n\u00e9cessaire pour pr\u00e9server la s\u00e9curit\u00e9 du traitement et des donn\u00e9es collect\u00e9es, en respectant les standards de s\u00e9curisation physiques et logiques qui sont de son ressort (protection des locaux, protection des serveurs, politique de mots de passe, sauvegardes r\u00e9guli\u00e8res, \u00e9ventuel chiffrement, etc.), et \u00e0 l\u2019exclusion des obligations de sauvegardes et\/ou de s\u00e9curisation qui sont plac\u00e9es sous la responsabilit\u00e9 du prestataire en charge de l\u2019h\u00e9bergement du Site (voire Mentions L\u00e9gales).<\/p>\n<p>. En particulier, l\u2019Editeur met en \u0153uvre les mesures qui permettent d\u2019emp\u00eacher que les donn\u00e9es trait\u00e9es ne soient d\u00e9form\u00e9es, endommag\u00e9es ou que des tiers non autoris\u00e9s y aient acc\u00e8s, notamment en contr\u00f4lant les acc\u00e8s au traitement et en s\u00e9curisant les \u00e9ventuelles communications des donn\u00e9es (s\u00e9curisation du site, protocole Https, chiffrement, etc.).<\/p>\n<p>. Toute information accessible sur Internet via un lien sortant du Site n\u2019est pas sous le contr\u00f4le de l\u2019Editeur, qui d\u00e9cline toute responsabilit\u00e9 quant \u00e0 son contenu et aux \u00e9ventuelles failles de s\u00e9curit\u00e9 informatiques, ainsi qu\u2019aux cons\u00e9quences qui en r\u00e9sulteraient.<\/p>\n<h3><span style=\"color: #086c92;\">Article 8. Confidentialit\u00e9 du traitement<\/span><\/h3>\n<p>. L\u2019Editeur ne communique les donn\u00e9es \u00e0 caract\u00e8re personnel collect\u00e9es lors de l\u2019utilisation du Site, \u00e0 aucun tiers que ce soit et sous aucune forme que ce soit, \u00e0 l\u2019exception l\u00e9gitime, et de mani\u00e8re strictement confidentielle, des personnes mentionn\u00e9es ci-dessous :<\/p>\n<p>\u2013 Le personnel salari\u00e9 \u00e9ventuel de l\u2019Editeur (stagiaires compris);<\/p>\n<p>\u2013 Le ou les prestataire(s) technique(s) responsable(s) de cr\u00e9ation et de la maintenance du Site d\u2019une part, et de l\u2019h\u00e9bergement des donn\u00e9es d\u2019autre part, lorsque cela est strictement n\u00e9cessaire ;<\/p>\n<p>\u2013 La ou les personne(s) \u00e9ventuellement en charge de la comptabilit\u00e9 de l\u2019Editeur, y compris en tant que prestataire externe \u00e9ventuel ;<\/p>\n<p>\u2013 Les tiers autoris\u00e9s par la loi (notamment sur demande expresse et motiv\u00e9e des autorit\u00e9s judiciaires, ou comptables, etc.).<\/p>\n<p>. Il est \u00e9galement admis que l\u2019utilisation des cookies sur le Site a pour effet de transf\u00e9rer, sans intervention possible de l\u2019Editeur, certaines donn\u00e9es de connexion au prestataire de services tiers permettant \u00e0 l\u2019Editeur de collecter et de traiter ses propres donn\u00e9es (Google Analytics).<\/p>\n<h3><span style=\"color: #086c92;\">Article 9. Conservation des donn\u00e9es et d\u00e9lais<\/span><\/h3>\n<p><strong>Article 9.1. Renouvellement du consentement des Utilisateurs<\/strong><br \/>. Les donn\u00e9es r\u00e9colt\u00e9es sont conserv\u00e9es valablement tant que la finalit\u00e9 pour laquelle elles ont \u00e9t\u00e9 l\u00e9gitimement collect\u00e9es initialement perdure de fa\u00e7on l\u00e9gitime, proportionn\u00e9e, et consentie par l\u2019utilisateur concern\u00e9.<\/p>\n<p>. Les d\u00e9lais de conservation des donn\u00e9es collect\u00e9es varient selon le type de donn\u00e9es, soumises \u00e0 des exigences l\u00e9gales et r\u00e9glementaires diff\u00e9rentes, autorisant une plus longue conservation ou au contraire imposant leur suppression, et correspondent en tout \u00e9tat de cause \u00e0 la n\u00e9cessit\u00e9 d\u2019ex\u00e9cuter ses obligations contractuelles par l\u2019Editeur ; les d\u00e9lais sont fix\u00e9s \u00e0 :<\/p>\n<p>\u2013 quatorze (14) mois concernant les cookies, les donn\u00e9es de connexion et de mesure d\u2019audience ;<\/p>\n<p>\u2013 au maximum trois (3) ans pour les autres types de donn\u00e9es ;<\/p>\n<p>. L\u2019Editeur s\u2019engage, \u00e0 la fin de ce d\u00e9lai, \u00e0 renouveler le consentement des utilisateurs pour continuer \u00e0 exploiter les donn\u00e9es le concernant (Optin), et \u00e0 d\u00e9faut de consentement explicite \u00e0 cesser l\u2019envoi \u00e9ventuel de lettre d\u2019actualit\u00e9 et de toutes sollicitations commerciales (Optout).<\/p>\n<p><strong>Article 9.2. Archive des donn\u00e9es<\/strong><br \/>. Pass\u00e9 les d\u00e9lais pr\u00e9cit\u00e9s et en l\u2019absence d\u2019opposition formelle de l\u2019utilisateur sur la conservation de ses donn\u00e9es personnelles, les donn\u00e9es collect\u00e9es qui n\u2019ont pas \u00e9t\u00e9 valablement supprim\u00e9es, peuvent faire l\u2019objet d\u2019un archivage sur un support informatique \u00e0 des fins de preuve et en acc\u00e8s strictement limit\u00e9. Dans ces cas, les d\u00e9lais de conservation de ces donn\u00e9es au titre de leur archivage l\u00e9gal sont d\u00e9finis par le r\u00e9f\u00e9rentiel en vigueur suivant, et en fonction du type de donn\u00e9es concern\u00e9es : https:\/\/www.cnil.fr\/sites\/default\/files\/typo\/document\/20120719-REF-DUREE_CONSERVATION-VD.pdf<\/p>\n<h3><span style=\"color: #086c92;\">Article 10. Droit des personnes sur leurs donn\u00e9es collect\u00e9es<\/span><\/h3>\n<p>. Les utilisateurs disposent d\u2019un droit d\u2019acc\u00e8s, de rectification, d\u2019opposition, et\/ou de suppression des donn\u00e9es qui les concernent, qu\u2019ils peuvent exercer \u00e0 tout moment en \u00e9crivant un courriel \u00e0 l\u2019adresse: <a href=\"mailto:abdeljabbar@bienveillance-active.com\">abdeljabbar@bienveillance-active.com<\/a> ou <a href=\"mailto:helene@bienveillance-active.com\">helene@bienveillance-active.com<\/a>, ou par courrier (coordonn\u00e9es via les Mentions L\u00e9gales).<\/p>\n<p>. L\u2019Editeur s\u2019engage \u00e0 rendre effective toute \u00e9ventuelle demande motiv\u00e9e desdites donn\u00e9es, en r\u00e9pondant \u00e0 ces demandes dans un d\u00e9lai de trente (30) jours calendaires \u00e0 compter de la r\u00e9ception de la demande. Ces demandes se font par courriel \u00e0 l\u2019adresse <a href=\"mailto:abdeljabbar@bienveillance-active.com\">abdeljabbar@bienveillance-active.com<\/a> ou <a href=\"mailto:helene@bienveillance-active.com\">helene@bienveillance-active.com<\/a>, et se formalisent par un courriel notifiant la r\u00e9ception et l\u2019ex\u00e9cution de la demande.<\/p>\n<p>. Pour des raisons de s\u00e9curit\u00e9 et \u00e9viter toute demande frauduleuse, l\u2019Editeur peut valablement exiger que cette demande soit accompagn\u00e9e d\u2019un justificatif d\u2019identit\u00e9, qu\u2019il supprimera ou d\u00e9truira apr\u00e8s traitement de la demande, sous r\u00e9serve de l\u2019application d\u2019une disposition l\u00e9gale imposant son archivage, et dans les contions de l\u2019article 9.2 de la pr\u00e9sente Politique de Confidentialit\u00e9.<\/p>\n<p>. Les utilisateurs admettent qu\u2019en cas de demande de suppression motiv\u00e9e de leurs donn\u00e9es \u00e0 caract\u00e8re personnel, ces derni\u00e8res peuvent \u00eatre purg\u00e9es sans possibilit\u00e9 de r\u00e9cup\u00e9ration et que cette suppression pourrait dans certains cas emp\u00eacher la poursuite de leurs relations contractuelles.<\/p>\n<h3><span style=\"color: #086c92;\">Article 11. R\u00e9clamations, d\u00e9saccords et litiges<\/span><\/h3>\n<p>. De convention expresse, la pr\u00e9sente Politique de confidentialit\u00e9 est soumise et r\u00e9gie exclusivement par le droit fran\u00e7ais, et doit \u00eatre interpr\u00e9t\u00e9e au regard du droit fran\u00e7ais.<\/p>\n<p>. A d\u00e9faut de r\u00e9solution amiable des conflits \u00e9ventuels, et de convention expresse, les litiges n\u2019ayant pu aboutir \u00e0 un r\u00e8glement amiable, relativement \u00e0 la collecte et au traitement de donn\u00e9es \u00e0 caract\u00e8re personnel des utilisateurs du Site, et \u00e0 la pr\u00e9sente Politique de confidentialit\u00e9, concernant sa validit\u00e9, son interpr\u00e9tation, son ex\u00e9cution, ses cons\u00e9quences et ses suites, seront soumis :<\/p>\n<p>\u2013 lorsqu\u2019aucune disposition imp\u00e9rative sp\u00e9cifique n\u2019est applicable, \u00e0 la comp\u00e9tence des tribunaux du lieu du si\u00e8ge social de l\u2019Editeur, et dans tous les autres cas, \u00e0 la comp\u00e9tence du tribunal d\u00e9termin\u00e9e par les dispositions imp\u00e9ratives applicables et selon le cas d\u2019esp\u00e8ce.<\/p>\n<p>[\/et_pb_text][\/et_pb_column][\/et_pb_row][\/et_pb_section]<\/p>\n","protected":false},"excerpt":{"rendered":"<p>Politique de confidentialit\u00e9La pr\u00e9sente politique de confidentialit\u00e9 a pour objet d\u2019informer les utilisateurs du site internet \u00ab florencerols-naturopathe82.fr \u00bb sur les donn\u00e9es collect\u00e9es pendant leur utilisation du site, et sur les obligations de son \u00e9diteur M. El Bourani Abdeljabbar et Mme Meyer H\u00e9l\u00e8ne en la mati\u00e8re, qui atteste mettre en \u0153uvre de bonne foi les [&hellip;]<\/p>\n","protected":false},"author":1,"featured_media":0,"parent":0,"menu_order":0,"comment_status":"closed","ping_status":"open","template":"","meta":{"_et_pb_use_builder":"on","_et_pb_old_content":"<!-- wp:heading -->\n<h2>Qui sommes-nous&nbsp;?<\/h2>\n<!-- \/wp:heading -->\n\n<!-- wp:paragraph -->\n<p>L\u2019adresse de notre site Web est&nbsp;: http:\/\/bienveillance-active.com.<\/p>\n<!-- \/wp:paragraph -->\n\n<!-- wp:heading -->\n<h2>Utilisation des donn\u00e9es personnelles collect\u00e9es<\/h2>\n<!-- \/wp:heading -->\n\n<!-- wp:heading {\"level\":3} -->\n<h3>Commentaires<\/h3>\n<!-- \/wp:heading -->\n\n<!-- wp:paragraph -->\n<p>Quand vous laissez un commentaire sur notre site web, les donn\u00e9es inscrites dans le formulaire de commentaire, mais aussi votre adresse IP et l\u2019agent utilisateur de votre navigateur sont collect\u00e9s pour nous aider \u00e0 la d\u00e9tection des commentaires ind\u00e9sirables.<\/p>\n<!-- \/wp:paragraph -->\n\n<!-- wp:paragraph -->\n<p>Une cha\u00eene anonymis\u00e9e cr\u00e9\u00e9e \u00e0 partir de votre adresse de messagerie (\u00e9galement appel\u00e9e hash) peut \u00eatre envoy\u00e9e au service Gravatar pour v\u00e9rifier si vous utilisez ce dernier. Les clauses de confidentialit\u00e9 du service Gravatar sont disponibles ici&nbsp;: https:\/\/automattic.com\/privacy\/. Apr\u00e8s validation de votre commentaire, votre photo de profil sera visible publiquement \u00e0 cot\u00e9 de votre commentaire.<\/p>\n<!-- \/wp:paragraph -->\n\n<!-- wp:heading {\"level\":3} -->\n<h3>M\u00e9dias<\/h3>\n<!-- \/wp:heading -->\n\n<!-- wp:paragraph -->\n<p>Si vous \u00eates un utilisateur ou une utilisatrice enregistr\u00e9\u00b7e et que vous t\u00e9l\u00e9versez des images sur le site web, nous vous conseillons d\u2019\u00e9viter de t\u00e9l\u00e9verser des images contenant des donn\u00e9es EXIF de coordonn\u00e9es GPS. Les visiteurs de votre site web peuvent t\u00e9l\u00e9charger et extraire des donn\u00e9es de localisation depuis ces images.<\/p>\n<!-- \/wp:paragraph -->\n\n<!-- wp:heading {\"level\":3} -->\n<h3>Formulaires de contact<\/h3>\n<!-- \/wp:heading -->\n\n<!-- wp:heading {\"level\":3} -->\n<h3>Cookies<\/h3>\n<!-- \/wp:heading -->\n\n<!-- wp:paragraph -->\n<p>Si vous d\u00e9posez un commentaire sur notre site, il vous sera propos\u00e9 d\u2019enregistrer votre nom, adresse de messagerie et site web dans des cookies. C\u2019est uniquement pour votre confort afin de ne pas avoir \u00e0 saisir ces informations si vous d\u00e9posez un autre commentaire plus tard. Ces cookies expirent au bout d\u2019un an.<\/p>\n<!-- \/wp:paragraph -->\n\n<!-- wp:paragraph -->\n<p>Si vous avez un compte et que vous vous connectez sur ce site, un cookie temporaire sera cr\u00e9\u00e9 afin de d\u00e9terminer si votre navigateur accepte les cookies. Il ne contient pas de donn\u00e9es personnelles et sera supprim\u00e9 automatiquement \u00e0 la fermeture de votre navigateur.<\/p>\n<!-- \/wp:paragraph -->\n\n<!-- wp:paragraph -->\n<p>Lorsque vous vous connecterez, nous mettrons en place un certain nombre de cookies pour enregistrer vos informations de connexion et vos pr\u00e9f\u00e9rences d\u2019\u00e9cran. La dur\u00e9e de vie d\u2019un cookie de connexion est de deux jours, celle d\u2019un cookie d\u2019option d\u2019\u00e9cran est d\u2019un an. Si vous cochez \u00ab&nbsp;Se souvenir de moi&nbsp;\u00bb, votre cookie de connexion sera conserv\u00e9 pendant deux semaines. Si vous vous d\u00e9connectez de votre compte, le cookie de connexion sera effac\u00e9.<\/p>\n<!-- \/wp:paragraph -->\n\n<!-- wp:paragraph -->\n<p>En modifiant ou en publiant une publication, un cookie suppl\u00e9mentaire sera enregistr\u00e9 dans votre navigateur. Ce cookie ne comprend aucune donn\u00e9e personnelle. Il indique simplement l\u2019ID de la publication que vous venez de modifier. Il expire au bout d\u2019un jour.<\/p>\n<!-- \/wp:paragraph -->\n\n<!-- wp:heading {\"level\":3} -->\n<h3>Contenu embarqu\u00e9 depuis d\u2019autres sites<\/h3>\n<!-- \/wp:heading -->\n\n<!-- wp:paragraph -->\n<p>Les articles de ce site peuvent inclure des contenus int\u00e9gr\u00e9s (par exemple des vid\u00e9os, images, articles\u2026). Le contenu int\u00e9gr\u00e9 depuis d\u2019autres sites se comporte de la m\u00eame mani\u00e8re que si le visiteur se rendait sur cet autre site.<\/p>\n<!-- \/wp:paragraph -->\n\n<!-- wp:paragraph -->\n<p>Ces sites web pourraient collecter des donn\u00e9es sur vous, utiliser des cookies, embarquer des outils de suivis tiers, suivre vos interactions avec ces contenus embarqu\u00e9s si vous disposez d\u2019un compte connect\u00e9 sur leur site web.<\/p>\n<!-- \/wp:paragraph -->\n\n<!-- wp:heading {\"level\":3} -->\n<h3>Statistiques et mesures d\u2019audience<\/h3>\n<!-- \/wp:heading -->\n\n<!-- wp:heading -->\n<h2>Utilisation et transmission de vos donn\u00e9es personnelles<\/h2>\n<!-- \/wp:heading -->\n\n<!-- wp:heading -->\n<h2>Dur\u00e9es de stockage de vos donn\u00e9es<\/h2>\n<!-- \/wp:heading -->\n\n<!-- wp:paragraph -->\n<p>Si vous laissez un commentaire, le commentaire et ses m\u00e9tadonn\u00e9es sont conserv\u00e9s ind\u00e9finiment. Cela permet de reconna\u00eetre et approuver automatiquement les commentaires suivants au lieu de les laisser dans la file de mod\u00e9ration.<\/p>\n<!-- \/wp:paragraph -->\n\n<!-- wp:paragraph -->\n<p>Pour les utilisateurs et utilisatrices qui s\u2019enregistrent sur notre site (si cela est possible), nous stockons \u00e9galement les donn\u00e9es personnelles indiqu\u00e9es dans leur profil. Tous les utilisateurs et utilisatrices peuvent voir, modifier ou supprimer leurs informations personnelles \u00e0 tout moment (\u00e0 l\u2019exception de leur nom d\u2019utilisateur\u00b7ice). Les gestionnaires du site peuvent aussi voir et modifier ces informations.<\/p>\n<!-- \/wp:paragraph -->\n\n<!-- wp:heading -->\n<h2>Les droits que vous avez sur vos donn\u00e9es<\/h2>\n<!-- \/wp:heading -->\n\n<!-- wp:paragraph -->\n<p>Si vous avez un compte ou si vous avez laiss\u00e9 des commentaires sur le site, vous pouvez demander \u00e0 recevoir un fichier contenant toutes les donn\u00e9es personnelles que nous poss\u00e9dons \u00e0 votre sujet, incluant celles que vous nous avez fournies. Vous pouvez \u00e9galement demander la suppression des donn\u00e9es personnelles vous concernant. Cela ne prend pas en compte les donn\u00e9es stock\u00e9es \u00e0 des fins administratives, l\u00e9gales ou pour des raisons de s\u00e9curit\u00e9.<\/p>\n<!-- \/wp:paragraph -->\n\n<!-- wp:heading -->\n<h2>Transmission de vos donn\u00e9es personnelles<\/h2>\n<!-- \/wp:heading -->\n\n<!-- wp:paragraph -->\n<p>Les commentaires des visiteurs peuvent \u00eatre v\u00e9rifi\u00e9s \u00e0 l\u2019aide d\u2019un service automatis\u00e9 de d\u00e9tection des commentaires ind\u00e9sirables.<\/p>\n<!-- \/wp:paragraph -->\n\n<!-- wp:heading -->\n<h2>Informations de contact<\/h2>\n<!-- \/wp:heading -->\n\n<!-- wp:heading -->\n<h2>Informations suppl\u00e9mentaires<\/h2>\n<!-- \/wp:heading -->\n\n<!-- wp:heading {\"level\":3} -->\n<h3>Comment nous prot\u00e9geons vos donn\u00e9es<\/h3>\n<!-- \/wp:heading -->\n\n<!-- wp:heading {\"level\":3} -->\n<h3>Proc\u00e9dures mises en \u0153uvre en cas de fuite de donn\u00e9es<\/h3>\n<!-- \/wp:heading -->\n\n<!-- wp:heading {\"level\":3} -->\n<h3>Les services tiers qui nous transmettent des donn\u00e9es<\/h3>\n<!-- \/wp:heading -->\n\n<!-- wp:heading {\"level\":3} -->\n<h3>Op\u00e9rations de marketing automatis\u00e9 et\/ou de profilage r\u00e9alis\u00e9es \u00e0 l\u2019aide des donn\u00e9es personnelles<\/h3>\n<!-- \/wp:heading -->\n\n<!-- wp:heading {\"level\":3} -->\n<h3>Affichage des informations li\u00e9es aux secteurs soumis \u00e0 des r\u00e9gulations sp\u00e9cifiques<\/h3>\n<!-- \/wp:heading -->","_et_gb_content_width":"","footnotes":""},"class_list":["post-3","page","type-page","status-publish","hentry"],"_links":{"self":[{"href":"https:\/\/bienveillance-active.com\/index.php\/wp-json\/wp\/v2\/pages\/3"}],"collection":[{"href":"https:\/\/bienveillance-active.com\/index.php\/wp-json\/wp\/v2\/pages"}],"about":[{"href":"https:\/\/bienveillance-active.com\/index.php\/wp-json\/wp\/v2\/types\/page"}],"author":[{"embeddable":true,"href":"https:\/\/bienveillance-active.com\/index.php\/wp-json\/wp\/v2\/users\/1"}],"replies":[{"embeddable":true,"href":"https:\/\/bienveillance-active.com\/index.php\/wp-json\/wp\/v2\/comments?post=3"}],"version-history":[{"count":5,"href":"https:\/\/bienveillance-active.com\/index.php\/wp-json\/wp\/v2\/pages\/3\/revisions"}],"predecessor-version":[{"id":1485,"href":"https:\/\/bienveillance-active.com\/index.php\/wp-json\/wp\/v2\/pages\/3\/revisions\/1485"}],"wp:attachment":[{"href":"https:\/\/bienveillance-active.com\/index.php\/wp-json\/wp\/v2\/media?parent=3"}],"curies":[{"name":"wp","href":"https:\/\/api.w.org\/{rel}","templated":true}]}}